{"version":"1.0","provider_name":"Medya Etik Kurulu","provider_url":"https:\/\/medyaetikkurulu.org","author_name":"medyaetikkurulu","author_url":"https:\/\/medyaetikkurulu.org\/index.php\/author\/medyaetikkurulu\/","title":"Kanal T\u2019ye Ki\u015filik Haklar\u0131 Uyar\u0131s\u0131 - Medya Etik Kurulu","type":"rich","width":600,"height":338,"html":"<blockquote class=\"wp-embedded-content\" data-secret=\"qSbaL3b8oi\"><a href=\"https:\/\/medyaetikkurulu.org\/index.php\/2019\/07\/11\/kanal-tye-kisilik-haklari-uyarisi\/\">Kanal T\u2019ye Ki\u015filik Haklar\u0131 Uyar\u0131s\u0131<\/a><\/blockquote><iframe sandbox=\"allow-scripts\" security=\"restricted\" src=\"https:\/\/medyaetikkurulu.org\/index.php\/2019\/07\/11\/kanal-tye-kisilik-haklari-uyarisi\/embed\/#?secret=qSbaL3b8oi\" width=\"600\" height=\"338\" title=\"&#8220;Kanal T\u2019ye Ki\u015filik Haklar\u0131 Uyar\u0131s\u0131&#8221; &#8212; Medya Etik Kurulu\" data-secret=\"qSbaL3b8oi\" frameborder=\"0\" marginwidth=\"0\" marginheight=\"0\" scrolling=\"no\" class=\"wp-embedded-content\"><\/iframe><script type=\"text\/javascript\">\n\/* <![CDATA[ *\/\n\/*! This file is auto-generated *\/\n!function(d,l){\"use strict\";l.querySelector&&d.addEventListener&&\"undefined\"!=typeof URL&&(d.wp=d.wp||{},d.wp.receiveEmbedMessage||(d.wp.receiveEmbedMessage=function(e){var t=e.data;if((t||t.secret||t.message||t.value)&&!\/[^a-zA-Z0-9]\/.test(t.secret)){for(var s,r,n,a=l.querySelectorAll('iframe[data-secret=\"'+t.secret+'\"]'),o=l.querySelectorAll('blockquote[data-secret=\"'+t.secret+'\"]'),c=new RegExp(\"^https?:$\",\"i\"),i=0;i<o.length;i++)o[i].style.display=\"none\";for(i=0;i<a.length;i++)s=a[i],e.source===s.contentWindow&&(s.removeAttribute(\"style\"),\"height\"===t.message?(1e3<(r=parseInt(t.value,10))?r=1e3:~~r<200&&(r=200),s.height=r):\"link\"===t.message&&(r=new URL(s.getAttribute(\"src\")),n=new URL(t.value),c.test(n.protocol))&&n.host===r.host&&l.activeElement===s&&(d.top.location.href=t.value))}},d.addEventListener(\"message\",d.wp.receiveEmbedMessage,!1),l.addEventListener(\"DOMContentLoaded\",function(){for(var e,t,s=l.querySelectorAll(\"iframe.wp-embedded-content\"),r=0;r<s.length;r++)(t=(e=s[r]).getAttribute(\"data-secret\"))||(t=Math.random().toString(36).substring(2,12),e.src+=\"#?secret=\"+t,e.setAttribute(\"data-secret\",t)),e.contentWindow.postMessage({message:\"ready\",secret:t},\"*\")},!1)))}(window,document);\n\/\/# sourceURL=https:\/\/medyaetikkurulu.org\/wp-includes\/js\/wp-embed.min.js\n\/* ]]> *\/\n<\/script>\n","description":"Karar 44: Kanal T\u2019ye ki\u015filik haklar\u0131 uyar\u0131s\u0131 (26 Kas\u0131m 2014) Televizyon programc\u0131s\u0131 say\u0131n Nazmi P\u0131nar ile Avc\u0131l\u0131k Federasyonu eski ba\u015fkan\u0131 say\u0131n Nilhan Tayfunlu, Kanal T\u2019de 22 Ekim 2014 tarihinde yay\u0131mlanan ve sunuculu\u011funu Ferda Ekinci\u2019nin yapt\u0131\u011f\u0131 \u201cHaber Kritik\u201d program\u0131na ili\u015fkin ayr\u0131 ayr\u0131 \u015fikayette bulunmu\u015flard\u0131r. Nazmi P\u0131nar, \u015fikayet yaz\u0131s\u0131nda, \u00dcmit Bah\u015fi\u2019nin konuk oldu\u011fu programda \u015fahs\u0131n\u0131 karalay\u0131c\u0131, kamuoyu [&hellip;]","thumbnail_url":"https:\/\/i0.wp.com\/medyaetikkurulu.org\/wp-content\/uploads\/2025\/05\/MEK-copy-1.png?fit=960%2C960&ssl=1","thumbnail_width":960,"thumbnail_height":960}