{"version":"1.0","provider_name":"Medya Etik Kurulu","provider_url":"https:\/\/medyaetikkurulu.org","author_name":"medyaetikkurulu","author_url":"https:\/\/medyaetikkurulu.org\/index.php\/author\/medyaetikkurulu\/","title":"\u00d6l\u00fcml\u00fc trafik kazas\u0131 ile ilgili bas\u0131n a\u00e7\u0131klamas\u0131 - Medya Etik Kurulu","type":"rich","width":600,"height":338,"html":"<blockquote class=\"wp-embedded-content\" data-secret=\"kttRrRx3i1\"><a href=\"https:\/\/medyaetikkurulu.org\/index.php\/2024\/11\/30\/olumlu-trafik-kazasi-ile-ilgili-basin-aciklamasi\/\">\u00d6l\u00fcml\u00fc trafik kazas\u0131 ile ilgili bas\u0131n a\u00e7\u0131klamas\u0131<\/a><\/blockquote><iframe sandbox=\"allow-scripts\" security=\"restricted\" src=\"https:\/\/medyaetikkurulu.org\/index.php\/2024\/11\/30\/olumlu-trafik-kazasi-ile-ilgili-basin-aciklamasi\/embed\/#?secret=kttRrRx3i1\" width=\"600\" height=\"338\" title=\"&#8220;\u00d6l\u00fcml\u00fc trafik kazas\u0131 ile ilgili bas\u0131n a\u00e7\u0131klamas\u0131&#8221; &#8212; Medya Etik Kurulu\" data-secret=\"kttRrRx3i1\" frameborder=\"0\" marginwidth=\"0\" marginheight=\"0\" scrolling=\"no\" class=\"wp-embedded-content\"><\/iframe><script type=\"text\/javascript\">\n\/* <![CDATA[ *\/\n\/*! This file is auto-generated *\/\n!function(d,l){\"use strict\";l.querySelector&&d.addEventListener&&\"undefined\"!=typeof URL&&(d.wp=d.wp||{},d.wp.receiveEmbedMessage||(d.wp.receiveEmbedMessage=function(e){var t=e.data;if((t||t.secret||t.message||t.value)&&!\/[^a-zA-Z0-9]\/.test(t.secret)){for(var s,r,n,a=l.querySelectorAll('iframe[data-secret=\"'+t.secret+'\"]'),o=l.querySelectorAll('blockquote[data-secret=\"'+t.secret+'\"]'),c=new RegExp(\"^https?:$\",\"i\"),i=0;i<o.length;i++)o[i].style.display=\"none\";for(i=0;i<a.length;i++)s=a[i],e.source===s.contentWindow&&(s.removeAttribute(\"style\"),\"height\"===t.message?(1e3<(r=parseInt(t.value,10))?r=1e3:~~r<200&&(r=200),s.height=r):\"link\"===t.message&&(r=new URL(s.getAttribute(\"src\")),n=new URL(t.value),c.test(n.protocol))&&n.host===r.host&&l.activeElement===s&&(d.top.location.href=t.value))}},d.addEventListener(\"message\",d.wp.receiveEmbedMessage,!1),l.addEventListener(\"DOMContentLoaded\",function(){for(var e,t,s=l.querySelectorAll(\"iframe.wp-embedded-content\"),r=0;r<s.length;r++)(t=(e=s[r]).getAttribute(\"data-secret\"))||(t=Math.random().toString(36).substring(2,12),e.src+=\"#?secret=\"+t,e.setAttribute(\"data-secret\",t)),e.contentWindow.postMessage({message:\"ready\",secret:t},\"*\")},!1)))}(window,document);\n\/\/# sourceURL=https:\/\/medyaetikkurulu.org\/wp-includes\/js\/wp-embed.min.js\n\/* ]]> *\/\n<\/script>\n","description":"Bug\u00fcn ak\u015fam saatlerinde G\u00fcndem K\u0131br\u0131s, Ada TV, K\u0131br\u0131s Dakik ve K\u0131br\u0131s Son Dakika taraf\u0131ndan yay\u0131mland\u0131\u011f\u0131 tespit edilen ve bir \u00f6l\u00fcml\u00fc trafik kazas\u0131na ait g\u00f6r\u00fcnt\u00fcleri i\u00e7eren video, Medya Etik Kurulu taraf\u0131ndan ciddi bir endi\u015fe ile de\u011ferlendirilmi\u015ftir. S\u00f6z konusu i\u00e7erik, medya eti\u011fi a\u00e7\u0131s\u0131ndan bir\u00e7ok temel kurala ayk\u0131r\u0131l\u0131k ta\u015f\u0131makta; hem bireysel hak hem de toplumsal de\u011ferleri ihlal etmektedir. [&hellip;]","thumbnail_url":"https:\/\/i0.wp.com\/medyaetikkurulu.org\/wp-content\/uploads\/2025\/05\/MEK-copy-1.png?fit=960%2C960&ssl=1","thumbnail_width":960,"thumbnail_height":960}