{"version":"1.0","provider_name":"Medya Etik Kurulu","provider_url":"https:\/\/medyaetikkurulu.org","author_name":"medyaetikkurulu","author_url":"https:\/\/medyaetikkurulu.org\/index.php\/author\/medyaetikkurulu\/","title":"K\u0131br\u0131s Dakik hakk\u0131nda uyarma karar\u0131 - Medya Etik Kurulu","type":"rich","width":600,"height":338,"html":"<blockquote class=\"wp-embedded-content\" data-secret=\"eub4m9I1ZD\"><a href=\"https:\/\/medyaetikkurulu.org\/index.php\/2025\/09\/02\/kibris-dakik-hakkinda-uyarma-karari\/\">K\u0131br\u0131s Dakik hakk\u0131nda uyarma karar\u0131<\/a><\/blockquote><iframe sandbox=\"allow-scripts\" security=\"restricted\" src=\"https:\/\/medyaetikkurulu.org\/index.php\/2025\/09\/02\/kibris-dakik-hakkinda-uyarma-karari\/embed\/#?secret=eub4m9I1ZD\" width=\"600\" height=\"338\" title=\"&#8220;K\u0131br\u0131s Dakik hakk\u0131nda uyarma karar\u0131&#8221; &#8212; Medya Etik Kurulu\" data-secret=\"eub4m9I1ZD\" frameborder=\"0\" marginwidth=\"0\" marginheight=\"0\" scrolling=\"no\" class=\"wp-embedded-content\"><\/iframe><script type=\"text\/javascript\">\n\/* <![CDATA[ *\/\n\/*! This file is auto-generated *\/\n!function(d,l){\"use strict\";l.querySelector&&d.addEventListener&&\"undefined\"!=typeof URL&&(d.wp=d.wp||{},d.wp.receiveEmbedMessage||(d.wp.receiveEmbedMessage=function(e){var t=e.data;if((t||t.secret||t.message||t.value)&&!\/[^a-zA-Z0-9]\/.test(t.secret)){for(var s,r,n,a=l.querySelectorAll('iframe[data-secret=\"'+t.secret+'\"]'),o=l.querySelectorAll('blockquote[data-secret=\"'+t.secret+'\"]'),c=new RegExp(\"^https?:$\",\"i\"),i=0;i<o.length;i++)o[i].style.display=\"none\";for(i=0;i<a.length;i++)s=a[i],e.source===s.contentWindow&&(s.removeAttribute(\"style\"),\"height\"===t.message?(1e3<(r=parseInt(t.value,10))?r=1e3:~~r<200&&(r=200),s.height=r):\"link\"===t.message&&(r=new URL(s.getAttribute(\"src\")),n=new URL(t.value),c.test(n.protocol))&&n.host===r.host&&l.activeElement===s&&(d.top.location.href=t.value))}},d.addEventListener(\"message\",d.wp.receiveEmbedMessage,!1),l.addEventListener(\"DOMContentLoaded\",function(){for(var e,t,s=l.querySelectorAll(\"iframe.wp-embedded-content\"),r=0;r<s.length;r++)(t=(e=s[r]).getAttribute(\"data-secret\"))||(t=Math.random().toString(36).substring(2,12),e.src+=\"#?secret=\"+t,e.setAttribute(\"data-secret\",t)),e.contentWindow.postMessage({message:\"ready\",secret:t},\"*\")},!1)))}(window,document);\n\/\/# sourceURL=https:\/\/medyaetikkurulu.org\/wp-includes\/js\/wp-embed.min.js\n\/* ]]> *\/\n<\/script>\n","thumbnail_url":"https:\/\/medyaetikkurulu.org\/wp-content\/uploads\/2025\/09\/eylul.jpg","thumbnail_width":1080,"thumbnail_height":1350,"description":"Medya Etik Kurulu, 1 Eyl\u00fcl tarihinde K\u0131br\u0131s Dakik adl\u0131 dijital man\u015fette yer alan &#8220;K\u0131br\u0131s T\u00fcrk Halk\u0131 Cumhurba\u015fkan\u0131n\u0131 Se\u00e7iyor&#8221; ba\u015fl\u0131kl\u0131 haberi, Kuzey K\u0131br\u0131s T\u00fcrk Cumhuriyeti Cumhurba\u015fkanl\u0131\u011f\u0131 se\u00e7imine aday g\u00f6steren K\u0131br\u0131s Sosyalist Partisi\u2019nin Genel Sekreteri Mehmet Birinci\u2019nin \u015fikayeti \u00fczerine incelemeye alm\u0131\u015ft\u0131r. Kurulumuzca yap\u0131lan de\u011ferlendirmede, s\u00f6z konusu haberde K\u0131br\u0131s Sosyalist Partisi\u2019nin Cumhurba\u015fkanl\u0131\u011f\u0131 se\u00e7imlerinde aday g\u00f6stermi\u015f olmas\u0131na ra\u011fmen, di\u011fer [&hellip;]"}