{"version":"1.0","provider_name":"Medya Etik Kurulu","provider_url":"https:\/\/medyaetikkurulu.org","author_name":"medyaetikkurulu","author_url":"https:\/\/medyaetikkurulu.org\/index.php\/author\/medyaetikkurulu\/","title":"K\u0131br\u0131s T\u00fcrk Haber hakk\u0131nda uyarma karar\u0131 - Medya Etik Kurulu","type":"rich","width":600,"height":338,"html":"<blockquote class=\"wp-embedded-content\" data-secret=\"uk6OmTXbuo\"><a href=\"https:\/\/medyaetikkurulu.org\/index.php\/2026\/01\/16\/kibris-turk-haber-hakkinda-uyarma-karari\/\">K\u0131br\u0131s T\u00fcrk Haber hakk\u0131nda uyarma karar\u0131<\/a><\/blockquote><iframe sandbox=\"allow-scripts\" security=\"restricted\" src=\"https:\/\/medyaetikkurulu.org\/index.php\/2026\/01\/16\/kibris-turk-haber-hakkinda-uyarma-karari\/embed\/#?secret=uk6OmTXbuo\" width=\"600\" height=\"338\" title=\"&#8220;K\u0131br\u0131s T\u00fcrk Haber hakk\u0131nda uyarma karar\u0131&#8221; &#8212; Medya Etik Kurulu\" data-secret=\"uk6OmTXbuo\" frameborder=\"0\" marginwidth=\"0\" marginheight=\"0\" scrolling=\"no\" class=\"wp-embedded-content\"><\/iframe><script type=\"text\/javascript\">\n\/* <![CDATA[ *\/\n\/*! This file is auto-generated *\/\n!function(d,l){\"use strict\";l.querySelector&&d.addEventListener&&\"undefined\"!=typeof URL&&(d.wp=d.wp||{},d.wp.receiveEmbedMessage||(d.wp.receiveEmbedMessage=function(e){var t=e.data;if((t||t.secret||t.message||t.value)&&!\/[^a-zA-Z0-9]\/.test(t.secret)){for(var s,r,n,a=l.querySelectorAll('iframe[data-secret=\"'+t.secret+'\"]'),o=l.querySelectorAll('blockquote[data-secret=\"'+t.secret+'\"]'),c=new RegExp(\"^https?:$\",\"i\"),i=0;i<o.length;i++)o[i].style.display=\"none\";for(i=0;i<a.length;i++)s=a[i],e.source===s.contentWindow&&(s.removeAttribute(\"style\"),\"height\"===t.message?(1e3<(r=parseInt(t.value,10))?r=1e3:~~r<200&&(r=200),s.height=r):\"link\"===t.message&&(r=new URL(s.getAttribute(\"src\")),n=new URL(t.value),c.test(n.protocol))&&n.host===r.host&&l.activeElement===s&&(d.top.location.href=t.value))}},d.addEventListener(\"message\",d.wp.receiveEmbedMessage,!1),l.addEventListener(\"DOMContentLoaded\",function(){for(var e,t,s=l.querySelectorAll(\"iframe.wp-embedded-content\"),r=0;r<s.length;r++)(t=(e=s[r]).getAttribute(\"data-secret\"))||(t=Math.random().toString(36).substring(2,12),e.src+=\"#?secret=\"+t,e.setAttribute(\"data-secret\",t)),e.contentWindow.postMessage({message:\"ready\",secret:t},\"*\")},!1)))}(window,document);\n\/\/# sourceURL=https:\/\/medyaetikkurulu.org\/wp-includes\/js\/wp-embed.min.js\n\/* ]]> *\/\n<\/script>\n","thumbnail_url":"https:\/\/medyaetikkurulu.org\/wp-content\/uploads\/2026\/03\/ocak.jpg","thumbnail_width":1080,"thumbnail_height":1350,"description":"Medya Etik Kurulu\u2019na, Candan Mert taraf\u0131ndan yap\u0131lan ba\u015fvuru do\u011frultusunda, K\u0131br\u0131s T\u00fcrk Haber adl\u0131 yay\u0131n kurulu\u015funun 14 Ocak 2026 tarihli yay\u0131n\u0131na dair bir inceleme ger\u00e7ekle\u015ftirilmi\u015ftir. Yap\u0131lan de\u011ferlendirmede, K\u0131br\u0131s Gazetesi\u2019nde 13 Ocak 2026 tarihinde yay\u0131mlanan ve Candan Mert\u2019in imzas\u0131n\u0131 ta\u015f\u0131yan \u201c\u0130ntikam de\u011fil, adalet istiyoruz\u201d ba\u015fl\u0131kl\u0131 \u00f6zel haberin, herhangi bir kaynak g\u00f6sterilmeden ve yazar\u0131n iznine ba\u015fvurulmaks\u0131z\u0131n K\u0131br\u0131s T\u00fcrk [&hellip;]"}