{"version":"1.0","provider_name":"Medya Etik Kurulu","provider_url":"https:\/\/medyaetikkurulu.org","author_name":"medyaetikkurulu","author_url":"https:\/\/medyaetikkurulu.org\/index.php\/author\/medyaetikkurulu\/","title":"Etik gazetecilik \u00f6zg\u00fcr bir ortamda m\u00fcmk\u00fcnd\u00fcr - Medya Etik Kurulu","type":"rich","width":600,"height":338,"html":"<blockquote class=\"wp-embedded-content\" data-secret=\"rIwFuZ7RGQ\"><a href=\"https:\/\/medyaetikkurulu.org\/index.php\/2026\/01\/25\/etik-gazetecilik-ozgur-bir-ortamda-mumkundur\/\">Etik gazetecilik \u00f6zg\u00fcr bir ortamda m\u00fcmk\u00fcnd\u00fcr<\/a><\/blockquote><iframe sandbox=\"allow-scripts\" security=\"restricted\" src=\"https:\/\/medyaetikkurulu.org\/index.php\/2026\/01\/25\/etik-gazetecilik-ozgur-bir-ortamda-mumkundur\/embed\/#?secret=rIwFuZ7RGQ\" width=\"600\" height=\"338\" title=\"&#8220;Etik gazetecilik \u00f6zg\u00fcr bir ortamda m\u00fcmk\u00fcnd\u00fcr&#8221; &#8212; Medya Etik Kurulu\" data-secret=\"rIwFuZ7RGQ\" frameborder=\"0\" marginwidth=\"0\" marginheight=\"0\" scrolling=\"no\" class=\"wp-embedded-content\"><\/iframe><script type=\"text\/javascript\">\n\/* <![CDATA[ *\/\n\/*! This file is auto-generated *\/\n!function(d,l){\"use strict\";l.querySelector&&d.addEventListener&&\"undefined\"!=typeof URL&&(d.wp=d.wp||{},d.wp.receiveEmbedMessage||(d.wp.receiveEmbedMessage=function(e){var t=e.data;if((t||t.secret||t.message||t.value)&&!\/[^a-zA-Z0-9]\/.test(t.secret)){for(var s,r,n,a=l.querySelectorAll('iframe[data-secret=\"'+t.secret+'\"]'),o=l.querySelectorAll('blockquote[data-secret=\"'+t.secret+'\"]'),c=new RegExp(\"^https?:$\",\"i\"),i=0;i<o.length;i++)o[i].style.display=\"none\";for(i=0;i<a.length;i++)s=a[i],e.source===s.contentWindow&&(s.removeAttribute(\"style\"),\"height\"===t.message?(1e3<(r=parseInt(t.value,10))?r=1e3:~~r<200&&(r=200),s.height=r):\"link\"===t.message&&(r=new URL(s.getAttribute(\"src\")),n=new URL(t.value),c.test(n.protocol))&&n.host===r.host&&l.activeElement===s&&(d.top.location.href=t.value))}},d.addEventListener(\"message\",d.wp.receiveEmbedMessage,!1),l.addEventListener(\"DOMContentLoaded\",function(){for(var e,t,s=l.querySelectorAll(\"iframe.wp-embedded-content\"),r=0;r<s.length;r++)(t=(e=s[r]).getAttribute(\"data-secret\"))||(t=Math.random().toString(36).substring(2,12),e.src+=\"#?secret=\"+t,e.setAttribute(\"data-secret\",t)),e.contentWindow.postMessage({message:\"ready\",secret:t},\"*\")},!1)))}(window,document);\n\/\/# sourceURL=https:\/\/medyaetikkurulu.org\/wp-includes\/js\/wp-embed.min.js\n\/* ]]> *\/\n<\/script>\n","thumbnail_url":"https:\/\/medyaetikkurulu.org\/wp-content\/uploads\/2026\/03\/618472882_1358541342980539_4125683357529598187_n.jpg","thumbnail_width":1080,"thumbnail_height":1350,"description":"Medya Etik Kurulu olarak K\u0131br\u0131s T\u00fcrk Gazeteciler Birli\u011fi ile Bas\u0131n-Sen\u2019in iki meslek \u00f6rg\u00fct\u00fc olarak, Ceza De\u011fi\u015fiklik Yasas\u0131\u2019na kar\u015f\u0131 ba\u015flatm\u0131\u015f olduklar\u0131 m\u00fccadeleyi selaml\u0131yor ve destekliyoruz. Ceza ve Bili\u015fim Yasas\u0131\u2019nda yap\u0131lmas\u0131 \u00f6ng\u00f6r\u00fclen de\u011fi\u015fikliklerin sadece gazetecileri de\u011fil, d\u00fc\u015f\u00fcncesini payla\u015fmak isteyen herkesi hapislik cezas\u0131yla tehdit eden bir d\u00fczenleme getirdi\u011fine inan\u0131yor ve ifade \u00f6zg\u00fcrl\u00fc\u011f\u00fcn\u00fcn do\u011frudan tehdit edildi\u011fi bir ortamda etik [&hellip;]"}